{"id":160,"date":"2020-06-03T16:53:47","date_gmt":"2020-06-03T16:53:47","guid":{"rendered":"http:\/\/damerko.com.co\/?post_type=project&#038;p=160"},"modified":"2020-06-17T19:21:04","modified_gmt":"2020-06-17T19:21:04","slug":"stand-samsung-barranquilla","status":"publish","type":"project","link":"https:\/\/damerko.com\/?project=stand-samsung-barranquilla","title":{"rendered":"Stand Samsung Barranquilla | Feria: FERIA DEL HOGAR BARRANQUILLA  (PUERTA DE ORO  2016 )"},"content":{"rendered":"<p>[et_pb_section fb_built=\u00bb1&#8243; _builder_version=\u00bb4.4.2&#8243; background_image=\u00bbhttp:\/\/damerko.com.co\/wp-content\/uploads\/2020\/06\/Stand_samsung_barranquilla-scaled.jpg\u00bb module_alignment=\u00bbcenter\u00bb height=\u00bb528px\u00bb custom_margin=\u00bb0px||||false|false\u00bb custom_padding=\u00bb0px||||false|false\u00bb][et_pb_row _builder_version=\u00bb4.4.2&#8243; width=\u00bb100%\u00bb max_width=\u00bb100%\u00bb custom_margin=\u00bb0px||||false|false\u00bb custom_padding=\u00bb453px||||false|false\u00bb][et_pb_column type=\u00bb4_4&#8243; admin_label=\u00bbColumna\u00bb _builder_version=\u00bb4.4.2&#8243;][et_pb_text _builder_version=\u00bb4.4.2&#8243; text_font=\u00bbLato||||||||\u00bb text_text_color=\u00bb#ffffff\u00bb header_font=\u00bbPoppins|800|||||||\u00bb header_text_color=\u00bb#ffffff\u00bb header_line_height=\u00bb0.6em\u00bb width=\u00bb100%\u00bb max_width=\u00bb100%\u00bb module_alignment=\u00bbleft\u00bb custom_margin=\u00bb||||false|false\u00bb custom_padding=\u00bb10px|||5%|false|false\u00bb locked=\u00bboff\u00bb background_color=\u00bbrgba(0,0,0,0.6)\u00bb header_font_size=\u00bb20px\u00bb]<\/p>\n<h1>Stand Samsung Barranquilla |\u00a0Producido para Diper Dise\u00f1adores<\/h1>\n<p>Feria del Hogar Barranquilla | Puerta de Oro 2016<\/p>\n<p>[\/et_pb_text][\/et_pb_column][\/et_pb_row][\/et_pb_section][et_pb_section fb_built=\u00bb1&#8243; _builder_version=\u00bb4.4.2&#8243; custom_margin=\u00bb0px||||false|false\u00bb custom_padding=\u00bb35px||0px||false|false\u00bb][et_pb_row column_structure=\u00bb1_2,1_2&#8243; _builder_version=\u00bb4.4.2&#8243;][et_pb_column type=\u00bb1_2&#8243; _builder_version=\u00bb4.4.2&#8243;][et_pb_text _builder_version=\u00bb4.4.2&#8243;]<\/p>\n<h2>El proyecto<\/h2>\n<p>[\/et_pb_text][et_pb_text _builder_version=\u00bb4.4.2&#8243; text_font=\u00bbLato|700|||||||\u00bb text_text_color=\u00bb#000000&#8243;]<\/p>\n<p>Construcci\u00f3n y montaje de stand comercial<\/p>\n<p>[\/et_pb_text][et_pb_text _builder_version=\u00bb4.4.2&#8243; text_font=\u00bbLato|300|||||||\u00bb text_text_color=\u00bb#000000&#8243; text_line_height=\u00bb1em\u00bb custom_padding=\u00bb|||5%|false|false\u00bb]<\/p>\n<p>An\u00e1lisis de componentes<\/p>\n<p>Construcci\u00f3n de piezas y armado<\/p>\n<p>Acabados seg\u00fan manual de marca<\/p>\n<p>Instalaci\u00f3n de techo flotante<\/p>\n<p>Montaje en sitio<\/p>\n<p>Instalaci\u00f3n de luminarias y circuitos el\u00e9ctricos<\/p>\n<p>&nbsp;<\/p>\n<p>[\/et_pb_text][\/et_pb_column][et_pb_column type=\u00bb1_2&#8243; _builder_version=\u00bb4.4.2&#8243;][et_pb_image src=\u00bbhttp:\/\/damerko.com.co\/wp-content\/uploads\/2020\/06\/Stand_samsung_barranquilla_detalle.jpg\u00bb align=\u00bbright\u00bb _builder_version=\u00bb4.4.2&#8243; module_alignment=\u00bbright\u00bb height=\u00bb404px\u00bb][\/et_pb_image][\/et_pb_column][\/et_pb_row][et_pb_row _builder_version=\u00bb4.4.2&#8243;][et_pb_column type=\u00bb4_4&#8243; _builder_version=\u00bb4.4.2&#8243;][et_pb_text _builder_version=\u00bb4.4.2&#8243; text_font=\u00bbLato|700|||||||\u00bb text_text_color=\u00bb#000000&#8243; custom_margin=\u00bb15px||||false|false\u00bb locked=\u00bboff\u00bb]<\/p>\n<p>Este proyecto tuvo un elemento principal que se destac\u00f3 en todo el conjunto de las piezas que conformaron el STAND , que consisti\u00f3 en una CENEFA PERIMETRAL, la cual exigi\u00f3 que la construcci\u00f3n se llevara a cabo implementando varios m\u00f3dulos verticales y horizontales, que al ser integrados se convirtieron en un gran m\u00f3dulo. El m\u00f3dulo fue levantado desde el techo con el uso de diferenciales para facilitar su instalaci\u00f3n.<\/p>\n<p><b><\/b><\/p>\n<p>[\/et_pb_text][\/et_pb_column][\/et_pb_row][et_pb_row _builder_version=\u00bb4.4.2&#8243; min_height=\u00bb100%\u00bb height=\u00bb100%\u00bb max_height=\u00bb100%\u00bb custom_margin=\u00bb0px||0px||true|false\u00bb custom_padding=\u00bb0px||0px||true|false\u00bb][et_pb_column type=\u00bb4_4&#8243; _builder_version=\u00bb4.4.2&#8243;][et_pb_image src=\u00bbhttp:\/\/damerko.com.co\/wp-content\/uploads\/2020\/06\/Stand_samsung_barranquilla_ensamble-scaled.jpg\u00bb force_fullwidth=\u00bbon\u00bb _builder_version=\u00bb4.4.2&#8243; transform_translate_linked=\u00bboff\u00bb min_height=\u00bb100%\u00bb height=\u00bb100%\u00bb max_height=\u00bb100%\u00bb custom_margin=\u00bb0px||0px||true|false\u00bb custom_padding=\u00bb0px||0px||true|false\u00bb][\/et_pb_image][\/et_pb_column][\/et_pb_row][et_pb_row column_structure=\u00bb3_5,2_5&#8243; _builder_version=\u00bb4.4.2&#8243; custom_margin=\u00bb45px||||false|false\u00bb custom_margin_tablet=\u00bb\u00bb custom_margin_phone=\u00bb-57px||||false|false\u00bb custom_margin_last_edited=\u00bbon|phone\u00bb custom_padding=\u00bb0px||||false|false\u00bb][et_pb_column type=\u00bb3_5&#8243; _builder_version=\u00bb4.4.2&#8243;][et_pb_image src=\u00bbhttp:\/\/damerko.com.co\/wp-content\/uploads\/2020\/06\/Stand_samsung_barranquilla_montaje-scaled.jpg\u00bb _builder_version=\u00bb4.4.2&#8243; transform_translate_linked=\u00bboff\u00bb max_width=\u00bb100%\u00bb module_alignment=\u00bbleft\u00bb][\/et_pb_image][\/et_pb_column][et_pb_column type=\u00bb2_5&#8243; _builder_version=\u00bb4.4.2&#8243;][et_pb_text _builder_version=\u00bb4.4.2&#8243; text_font=\u00bbLato|700|||||||\u00bb text_text_color=\u00bb#000000&#8243; max_width=\u00bb100%\u00bb custom_padding=\u00bb||||false|false\u00bb locked=\u00bboff\u00bb]<\/p>\n<p><span>En la propuesta de dise\u00f1o solicitada por el cliente\u00a0 se ten\u00eda establecido soportar la cenefa con tubos de 5\u201d de di\u00e1metro ocultas entre los muebles de exhibici\u00f3n. Se tom\u00f3 la dicisi\u00f3n durante el desarrollo de la producci\u00f3n\u00a0 de dejar la cenefa totalmente en el aire e independiente del resto del stand, lo cual se convirti\u00f3 en un elemento destacado muy importante que el cliente valor\u00f3 de forma superlativa.\u00a0<\/span><\/p>\n<p><span>Todos los componentes del <\/span><b>STAND <\/b><span>se fabricaron en lamina de <\/span><b>MDF<\/b><span> con <\/span><b>ACABADO EN VINILO TIPO 1. <\/b><span>La parte gr\u00e1fica se desarroll\u00f3 con <\/span><b>VINILO ADHESIVO LAMINADO BRILLANTE.<\/b><\/p>\n<p>[\/et_pb_text][\/et_pb_column][\/et_pb_row][\/et_pb_section][et_pb_section fb_built=\u00bb1&#8243; _builder_version=\u00bb4.4.2&#8243; custom_padding=\u00bb6px||8px|||\u00bb][et_pb_row _builder_version=\u00bb4.4.2&#8243;][et_pb_column type=\u00bb4_4&#8243; _builder_version=\u00bb4.4.2&#8243;][et_pb_text _builder_version=\u00bb4.4.2&#8243;]<\/p>\n<h2>Proyectos relacionados<\/h2>\n<p>[\/et_pb_text][et_pb_portfolio include_categories=\u00bb3&#8243; _builder_version=\u00bb4.4.2&#8243;][\/et_pb_portfolio][\/et_pb_column][\/et_pb_row][\/et_pb_section][et_pb_section fb_built=\u00bb1&#8243; _builder_version=\u00bb4.4.2&#8243; custom_margin_tablet=\u00bb\u00bb custom_margin_phone=\u00bb||||false|false\u00bb custom_margin_last_edited=\u00bbon|phone\u00bb custom_padding=\u00bb6px|||||\u00bb global_module=\u00bb212&#8243; saved_tabs=\u00bball\u00bb][et_pb_row _builder_version=\u00bb4.4.2&#8243; custom_margin_tablet=\u00bb\u00bb custom_margin_phone=\u00bb0px||||false|false\u00bb custom_margin_last_edited=\u00bbon|phone\u00bb custom_padding=\u00bb0px||||false|false\u00bb][et_pb_column type=\u00bb4_4&#8243; _builder_version=\u00bb4.4.2&#8243;][et_pb_contact_form use_spam_service=\u00bbon\u00bb title=\u00bbCont\u00e1ctenos. \u00bb _builder_version=\u00bb4.4.2&#8243;][et_pb_contact_field field_id=\u00bbName\u00bb field_title=\u00bbNombre\u00bb _builder_version=\u00bb3.16&#8243; button_text_size__hover_enabled=\u00bboff\u00bb button_one_text_size__hover_enabled=\u00bboff\u00bb button_two_text_size__hover_enabled=\u00bboff\u00bb button_text_color__hover_enabled=\u00bboff\u00bb button_one_text_color__hover_enabled=\u00bboff\u00bb button_two_text_color__hover_enabled=\u00bboff\u00bb button_border_width__hover_enabled=\u00bboff\u00bb button_one_border_width__hover_enabled=\u00bboff\u00bb button_two_border_width__hover_enabled=\u00bboff\u00bb button_border_color__hover_enabled=\u00bboff\u00bb button_one_border_color__hover_enabled=\u00bboff\u00bb button_two_border_color__hover_enabled=\u00bboff\u00bb button_border_radius__hover_enabled=\u00bboff\u00bb button_one_border_radius__hover_enabled=\u00bboff\u00bb button_two_border_radius__hover_enabled=\u00bboff\u00bb button_letter_spacing__hover_enabled=\u00bboff\u00bb button_one_letter_spacing__hover_enabled=\u00bboff\u00bb button_two_letter_spacing__hover_enabled=\u00bboff\u00bb button_bg_color__hover_enabled=\u00bboff\u00bb button_one_bg_color__hover_enabled=\u00bboff\u00bb button_two_bg_color__hover_enabled=\u00bboff\u00bb][\/et_pb_contact_field][et_pb_contact_field field_id=\u00bbEmail\u00bb field_title=\u00bbDirecci\u00f3n de correo electr\u00f3nico\u00bb field_type=\u00bbemail\u00bb _builder_version=\u00bb3.16&#8243; button_text_size__hover_enabled=\u00bboff\u00bb button_one_text_size__hover_enabled=\u00bboff\u00bb button_two_text_size__hover_enabled=\u00bboff\u00bb button_text_color__hover_enabled=\u00bboff\u00bb button_one_text_color__hover_enabled=\u00bboff\u00bb button_two_text_color__hover_enabled=\u00bboff\u00bb button_border_width__hover_enabled=\u00bboff\u00bb button_one_border_width__hover_enabled=\u00bboff\u00bb button_two_border_width__hover_enabled=\u00bboff\u00bb button_border_color__hover_enabled=\u00bboff\u00bb button_one_border_color__hover_enabled=\u00bboff\u00bb button_two_border_color__hover_enabled=\u00bboff\u00bb button_border_radius__hover_enabled=\u00bboff\u00bb button_one_border_radius__hover_enabled=\u00bboff\u00bb button_two_border_radius__hover_enabled=\u00bboff\u00bb button_letter_spacing__hover_enabled=\u00bboff\u00bb button_one_letter_spacing__hover_enabled=\u00bboff\u00bb button_two_letter_spacing__hover_enabled=\u00bboff\u00bb button_bg_color__hover_enabled=\u00bboff\u00bb button_one_bg_color__hover_enabled=\u00bboff\u00bb button_two_bg_color__hover_enabled=\u00bboff\u00bb][\/et_pb_contact_field][et_pb_contact_field field_id=\u00bbMessage\u00bb field_title=\u00bbMensaje\u00bb field_type=\u00bbtext\u00bb fullwidth_field=\u00bbon\u00bb _builder_version=\u00bb3.16&#8243; button_text_size__hover_enabled=\u00bboff\u00bb button_one_text_size__hover_enabled=\u00bboff\u00bb button_two_text_size__hover_enabled=\u00bboff\u00bb button_text_color__hover_enabled=\u00bboff\u00bb button_one_text_color__hover_enabled=\u00bboff\u00bb button_two_text_color__hover_enabled=\u00bboff\u00bb button_border_width__hover_enabled=\u00bboff\u00bb button_one_border_width__hover_enabled=\u00bboff\u00bb button_two_border_width__hover_enabled=\u00bboff\u00bb button_border_color__hover_enabled=\u00bboff\u00bb button_one_border_color__hover_enabled=\u00bboff\u00bb button_two_border_color__hover_enabled=\u00bboff\u00bb button_border_radius__hover_enabled=\u00bboff\u00bb button_one_border_radius__hover_enabled=\u00bboff\u00bb button_two_border_radius__hover_enabled=\u00bboff\u00bb button_letter_spacing__hover_enabled=\u00bboff\u00bb button_one_letter_spacing__hover_enabled=\u00bboff\u00bb button_two_letter_spacing__hover_enabled=\u00bboff\u00bb button_bg_color__hover_enabled=\u00bboff\u00bb button_one_bg_color__hover_enabled=\u00bboff\u00bb button_two_bg_color__hover_enabled=\u00bboff\u00bb][\/et_pb_contact_field][\/et_pb_contact_form][\/et_pb_column][\/et_pb_row][\/et_pb_section]<\/p>\n","protected":false},"excerpt":{"rendered":"<p>[et_pb_section fb_built=\u00bb1&#8243; _builder_version=\u00bb4.4.2&#8243; background_image=\u00bbhttp:\/\/damerko.com.co\/wp-content\/uploads\/2020\/06\/Stand_samsung_barranquilla-scaled.jpg\u00bb module_alignment=\u00bbcenter\u00bb height=\u00bb528px\u00bb custom_margin=\u00bb0px||||false|false\u00bb custom_padding=\u00bb0px||||false|false\u00bb][et_pb_row _builder_version=\u00bb4.4.2&#8243; width=\u00bb100%\u00bb max_width=\u00bb100%\u00bb custom_margin=\u00bb0px||||false|false\u00bb custom_padding=\u00bb453px||||false|false\u00bb][et_pb_column type=\u00bb4_4&#8243; admin_label=\u00bbColumna\u00bb _builder_version=\u00bb4.4.2&#8243;][et_pb_text _builder_version=\u00bb4.4.2&#8243; text_font=\u00bbLato||||||||\u00bb text_text_color=\u00bb#ffffff\u00bb header_font=\u00bbPoppins|800|||||||\u00bb header_text_color=\u00bb#ffffff\u00bb header_line_height=\u00bb0.6em\u00bb width=\u00bb100%\u00bb max_width=\u00bb100%\u00bb module_alignment=\u00bbleft\u00bb custom_margin=\u00bb||||false|false\u00bb custom_padding=\u00bb10px|||5%|false|false\u00bb locked=\u00bboff\u00bb background_color=\u00bbrgba(0,0,0,0.6)\u00bb header_font_size=\u00bb20px\u00bb] Stand Samsung Barranquilla |\u00a0Producido para Diper Dise\u00f1adores Feria del Hogar Barranquilla | Puerta de Oro 2016 [\/et_pb_text][\/et_pb_column][\/et_pb_row][\/et_pb_section][et_pb_section fb_built=\u00bb1&#8243; _builder_version=\u00bb4.4.2&#8243; custom_margin=\u00bb0px||||false|false\u00bb custom_padding=\u00bb35px||0px||false|false\u00bb][et_pb_row column_structure=\u00bb1_2,1_2&#8243; _builder_version=\u00bb4.4.2&#8243;][et_pb_column type=\u00bb1_2&#8243; _builder_version=\u00bb4.4.2&#8243;][et_pb_text [&hellip;]<\/p>\n","protected":false},"author":1,"featured_media":166,"comment_status":"open","ping_status":"closed","template":"","meta":{"_et_pb_use_builder":"on","_et_pb_old_content":"","_et_gb_content_width":""},"project_category":[3],"project_tag":[],"_links":{"self":[{"href":"https:\/\/damerko.com\/index.php?rest_route=\/wp\/v2\/project\/160"}],"collection":[{"href":"https:\/\/damerko.com\/index.php?rest_route=\/wp\/v2\/project"}],"about":[{"href":"https:\/\/damerko.com\/index.php?rest_route=\/wp\/v2\/types\/project"}],"author":[{"embeddable":true,"href":"https:\/\/damerko.com\/index.php?rest_route=\/wp\/v2\/users\/1"}],"replies":[{"embeddable":true,"href":"https:\/\/damerko.com\/index.php?rest_route=%2Fwp%2Fv2%2Fcomments&post=160"}],"version-history":[{"count":12,"href":"https:\/\/damerko.com\/index.php?rest_route=\/wp\/v2\/project\/160\/revisions"}],"predecessor-version":[{"id":421,"href":"https:\/\/damerko.com\/index.php?rest_route=\/wp\/v2\/project\/160\/revisions\/421"}],"wp:featuredmedia":[{"embeddable":true,"href":"https:\/\/damerko.com\/index.php?rest_route=\/wp\/v2\/media\/166"}],"wp:attachment":[{"href":"https:\/\/damerko.com\/index.php?rest_route=%2Fwp%2Fv2%2Fmedia&parent=160"}],"wp:term":[{"taxonomy":"project_category","embeddable":true,"href":"https:\/\/damerko.com\/index.php?rest_route=%2Fwp%2Fv2%2Fproject_category&post=160"},{"taxonomy":"project_tag","embeddable":true,"href":"https:\/\/damerko.com\/index.php?rest_route=%2Fwp%2Fv2%2Fproject_tag&post=160"}],"curies":[{"name":"wp","href":"https:\/\/api.w.org\/{rel}","templated":true}]}}