{"id":170,"date":"2020-06-03T16:55:42","date_gmt":"2020-06-03T16:55:42","guid":{"rendered":"http:\/\/damerko.com.co\/?post_type=project&#038;p=170"},"modified":"2020-07-26T16:36:02","modified_gmt":"2020-07-26T16:36:02","slug":"apartamento-portana-remodelacion-de-cocina","status":"publish","type":"project","link":"https:\/\/damerko.com\/?project=apartamento-portana-remodelacion-de-cocina","title":{"rendered":"Apartamento Portana Ch\u00eda | Remodelaci\u00f3n de cocina"},"content":{"rendered":"<p>[et_pb_section fb_built=\u00bb1&#8243; _builder_version=\u00bb4.4.2&#8243; background_image=\u00bbhttp:\/\/damerko.com.co\/wp-content\/uploads\/2020\/06\/cocina_home.jpg\u00bb module_alignment=\u00bbcenter\u00bb height=\u00bb528px\u00bb custom_margin=\u00bb0px||||false|false\u00bb custom_padding=\u00bb0px||||false|false\u00bb][et_pb_row _builder_version=\u00bb4.4.2&#8243; width=\u00bb100%\u00bb max_width=\u00bb100%\u00bb custom_margin=\u00bb0px||||false|false\u00bb custom_padding=\u00bb453px||||false|false\u00bb][et_pb_column type=\u00bb4_4&#8243; admin_label=\u00bbColumna\u00bb _builder_version=\u00bb4.4.2&#8243;][et_pb_text _builder_version=\u00bb4.4.2&#8243; text_font=\u00bbLato||||||||\u00bb text_text_color=\u00bb#ffffff\u00bb header_font=\u00bbPoppins|800|||||||\u00bb header_text_color=\u00bb#ffffff\u00bb header_line_height=\u00bb0.6em\u00bb width=\u00bb100%\u00bb max_width=\u00bb100%\u00bb module_alignment=\u00bbleft\u00bb custom_margin=\u00bb||||false|false\u00bb custom_padding=\u00bb10px|||5%|false|false\u00bb locked=\u00bboff\u00bb background_color=\u00bbrgba(0,0,0,0.6)\u00bb header_font_size=\u00bb20px\u00bb]<\/p>\n<h1>Apartamento Portana Ch\u00eda | Remodelaci\u00f3n de cocina<\/h1>\n<p>Ch\u00eda, Cundinamarca<\/p>\n<p>[\/et_pb_text][\/et_pb_column][\/et_pb_row][\/et_pb_section][et_pb_section fb_built=\u00bb1&#8243; _builder_version=\u00bb4.4.2&#8243; custom_margin=\u00bb0px||||false|false\u00bb custom_padding=\u00bb35px||0px||false|false\u00bb][et_pb_row column_structure=\u00bb1_2,1_2&#8243; _builder_version=\u00bb4.4.2&#8243; custom_padding=\u00bb||5px|||\u00bb][et_pb_column type=\u00bb1_2&#8243; _builder_version=\u00bb4.4.2&#8243;][et_pb_text _builder_version=\u00bb4.4.2&#8243;]<\/p>\n<h2>El proyecto<\/h2>\n<p>[\/et_pb_text][et_pb_text _builder_version=\u00bb4.4.2&#8243; text_font=\u00bbLato|700|||||||\u00bb text_text_color=\u00bb#000000&#8243;]<\/p>\n<p>Remodelaci\u00f3n total de cocina en apartamento<\/p>\n<p>[\/et_pb_text][et_pb_text _builder_version=\u00bb4.4.2&#8243; text_font=\u00bbLato|300|||||||\u00bb text_text_color=\u00bb#000000&#8243; text_line_height=\u00bb1em\u00bb custom_padding=\u00bb|||5%|false|false\u00bb]<\/p>\n<p><span style=\"font-weight: 400;\">Demolici\u00f3n de muros y mesones existentes<\/span><\/p>\n<p><span style=\"font-weight: 400;\">Traslado de puntos el\u00e9ctricos<\/span><\/p>\n<p><span style=\"font-weight: 400;\">Instalaci\u00f3n de balas hal\u00f3genas\u00a0<\/span><\/p>\n<p><span style=\"font-weight: 400;\">Suministro e Instalaci\u00f3n de tuber\u00eda hidr\u00e1ulica\u00a0<\/span><\/p>\n<p><span style=\"font-weight: 400;\">Instalaci\u00f3n de piso cer\u00e1mico integrando con piso laminado<\/span><\/p>\n<p><span style=\"font-weight: 400;\">Dise\u00f1o, fabricaci\u00f3n e instalaci\u00f3n de mobiliario cocina\u00a0<\/span><\/p>\n<p><span style=\"font-weight: 400;\">Dise\u00f1o , fabricaci\u00f3n e instalaci\u00f3n\u00a0 de mesones en madera<\/span><\/p>\n<p>[\/et_pb_text][et_pb_text _builder_version=\u00bb4.4.2&#8243; text_font=\u00bbLato|700|||||||\u00bb text_text_color=\u00bb#000000&#8243; custom_margin=\u00bb15px||||false|false\u00bb locked=\u00bboff\u00bb]<\/p>\n<p>El proyecto consisti\u00f3 en la remodelaci\u00f3n completa de una cocina cerrada\u00a0 para convertirla en tipo americano , lo que obligaba a la demolici\u00f3n de muros interiores divisorios\u00a0 y la del mes\u00f3n original\u00a0<\/p>\n<p>Se demolieron\u00a0 los pisos cer\u00e1micos\u00a0 y el mobiliario existente de la cocina original\u00a0<\/p>\n<p>Se dise\u00f1\u00f3, fabric\u00f3 e instal\u00f3 el nuevo mobiliario de la cocina en MDF forrado en f\u00f3rmica blanca\u00a0 brillante en la parte interna y formica GRIS HUMO F8 para el exterior<\/p>\n<p>Los mesones se fabricaron en MADERA DE PINO CANADIENSE al igual que el soporte lateral del mueble bajo de la isla. Se impermeabilizaron con laca resistente a la humedad.<\/p>\n<p>Se adecu\u00f3 la red el\u00e9ctrica para la apertura de puntos nuevos que alimentaron la nevera , el horno y la estufa de inducci\u00f3n.\u00a0<\/p>\n<p>Se adecu\u00f3 la red hidr\u00e1ulica para el lavaplatos doble, el nevec\u00f3n y el lavavajillas.\u00a0<\/p>\n<p>El dise\u00f1o de la isla de la cocina contempl\u00f3 la ubicaci\u00f3n de un horno el\u00e9ctrico, una estufa de inducci\u00f3n, gabinetes de almacenamiento y un carro de condimentos retr\u00e1ctil.<\/p>\n<p>El mes\u00f3n de la isla de 2.40 metros de largo permite que se pueda utilizar como comedor auxiliar en el extremo opuesto de la estufa.<\/p>\n<p><span style=\"font-weight: 400;\"><\/span><\/p>\n<p>[\/et_pb_text][\/et_pb_column][et_pb_column type=\u00bb1_2&#8243; _builder_version=\u00bb4.4.2&#8243;][et_pb_image src=\u00bbhttp:\/\/damerko.com.co\/wp-content\/uploads\/2020\/06\/Cocina_portana5.jpg\u00bb align=\u00bbright\u00bb _builder_version=\u00bb4.4.2&#8243; module_alignment=\u00bbcenter\u00bb][\/et_pb_image][\/et_pb_column][\/et_pb_row][et_pb_row _builder_version=\u00bb4.4.2&#8243;][et_pb_column type=\u00bb4_4&#8243; _builder_version=\u00bb4.4.2&#8243;][et_pb_text _builder_version=\u00bb4.4.2&#8243; text_font=\u00bbLato|700|||||||\u00bb text_text_color=\u00bb#000000&#8243; max_width=\u00bb100%\u00bb custom_padding=\u00bb||||false|false\u00bb locked=\u00bboff\u00bb]<\/p>\n<p><span>El piso importado de cer\u00e1mica que tiene una forma hexagonal\u00a0 se instal\u00f3 invadiendo la zona\u00a0 de la sala, rompiendo la l\u00ednea recta del piso laminado, sellando las juntas dando una apariencia de continuidad.<\/span><\/p>\n<p><span>Se instal\u00f3 una puerta\u00a0 colgante corrediza con sistema Ducasse que separa el espacio del \u00e1rea h\u00fameda\u00a0 (lavadora \u2013lavadero ) con el espacio de la cocina.<\/span><\/p>\n<p><span><\/span><\/p>\n<p>[\/et_pb_text][\/et_pb_column][\/et_pb_row][et_pb_row column_structure=\u00bb1_4,1_4,1_4,1_4&#8243; _builder_version=\u00bb4.4.2&#8243; min_height=\u00bb100%\u00bb height=\u00bb100%\u00bb max_height=\u00bb100%\u00bb custom_margin=\u00bb0px||0px||true|false\u00bb custom_padding=\u00bb0px||0px||true|false\u00bb][et_pb_column type=\u00bb1_4&#8243; _builder_version=\u00bb4.4.2&#8243;][et_pb_image src=\u00bbhttp:\/\/damerko.com.co\/wp-content\/uploads\/2020\/06\/Cocina_portna8.jpg\u00bb force_fullwidth=\u00bbon\u00bb _builder_version=\u00bb4.4.2&#8243; transform_translate_linked=\u00bboff\u00bb min_height=\u00bb100%\u00bb height=\u00bb100%\u00bb max_height=\u00bb100%\u00bb custom_margin=\u00bb0px||0px||true|false\u00bb custom_padding=\u00bb0px||0px||true|false\u00bb][\/et_pb_image][\/et_pb_column][et_pb_column type=\u00bb1_4&#8243; _builder_version=\u00bb4.4.2&#8243;][et_pb_image src=\u00bbhttp:\/\/damerko.com.co\/wp-content\/uploads\/2020\/06\/Cocina_portana9.jpg\u00bb force_fullwidth=\u00bbon\u00bb _builder_version=\u00bb4.4.2&#8243; transform_translate_linked=\u00bboff\u00bb min_height=\u00bb100%\u00bb height=\u00bb100%\u00bb max_height=\u00bb100%\u00bb custom_margin=\u00bb0px||0px||true|false\u00bb custom_padding=\u00bb0px||0px||true|false\u00bb][\/et_pb_image][\/et_pb_column][et_pb_column type=\u00bb1_4&#8243; _builder_version=\u00bb4.4.2&#8243;][et_pb_image src=\u00bbhttp:\/\/damerko.com.co\/wp-content\/uploads\/2020\/06\/Cocina_portana3.jpg\u00bb force_fullwidth=\u00bbon\u00bb _builder_version=\u00bb4.4.2&#8243; transform_translate_linked=\u00bboff\u00bb min_height=\u00bb100%\u00bb height=\u00bb100%\u00bb max_height=\u00bb100%\u00bb custom_margin=\u00bb0px||0px||true|false\u00bb custom_padding=\u00bb0px||0px||true|false\u00bb][\/et_pb_image][\/et_pb_column][et_pb_column type=\u00bb1_4&#8243; _builder_version=\u00bb4.4.2&#8243;][et_pb_image src=\u00bbhttp:\/\/damerko.com.co\/wp-content\/uploads\/2020\/06\/cocina_portana4.jpg\u00bb force_fullwidth=\u00bbon\u00bb _builder_version=\u00bb4.4.2&#8243; transform_translate_linked=\u00bboff\u00bb min_height=\u00bb100%\u00bb height=\u00bb100%\u00bb max_height=\u00bb100%\u00bb custom_margin=\u00bb0px||0px||true|false\u00bb custom_padding=\u00bb0px||0px||true|false\u00bb][\/et_pb_image][\/et_pb_column][\/et_pb_row][et_pb_row _builder_version=\u00bb4.4.2&#8243;][et_pb_column type=\u00bb4_4&#8243; _builder_version=\u00bb4.4.2&#8243;][et_pb_text _builder_version=\u00bb4.4.2&#8243; text_font=\u00bbLato|700|||||||\u00bb text_text_color=\u00bb#000000&#8243; max_width=\u00bb100%\u00bb custom_padding=\u00bb||||false|false\u00bb locked=\u00bboff\u00bb]<\/p>\n<p><span>El gabinete colgante se fabric\u00f3 con puertas en marco de aluminio y tableros en vidrio samblasteado.\u00a0\u00a0<\/span><\/p>\n<p><span>Con la implementaci\u00f3n de chapetas de ladrillo prensado se simul\u00f3 un muro con acabado de ladrillo a la vista y con pintura blanca resistente a la humedad (sikalatex).<\/span><\/p>\n<p>[\/et_pb_text][\/et_pb_column][\/et_pb_row][et_pb_row column_structure=\u00bb1_2,1_2&#8243; use_custom_gutter=\u00bbon\u00bb gutter_width=\u00bb4&#8243; _builder_version=\u00bb4.4.2&#8243; custom_margin=\u00bb3px|auto||auto|false|false\u00bb custom_margin_tablet=\u00bb\u00bb custom_margin_phone=\u00bb||||false|false\u00bb custom_margin_last_edited=\u00bbon|phone\u00bb custom_padding=\u00bb0px||||false|false\u00bb][et_pb_column type=\u00bb1_2&#8243; _builder_version=\u00bb4.4.2&#8243;][et_pb_image src=\u00bbhttp:\/\/damerko.com.co\/wp-content\/uploads\/2020\/06\/Cocina_portana7.jpg\u00bb align=\u00bbcenter\u00bb force_fullwidth=\u00bbon\u00bb _builder_version=\u00bb4.4.2&#8243; transform_translate_linked=\u00bboff\u00bb module_alignment=\u00bbleft\u00bb height=\u00bb689px\u00bb][\/et_pb_image][\/et_pb_column][et_pb_column type=\u00bb1_2&#8243; _builder_version=\u00bb4.4.2&#8243;][et_pb_image src=\u00bbhttp:\/\/damerko.com.co\/wp-content\/uploads\/2020\/06\/cocina_portana11.jpg\u00bb align=\u00bbcenter\u00bb force_fullwidth=\u00bbon\u00bb _builder_version=\u00bb4.4.2&#8243; height=\u00bb686px\u00bb][\/et_pb_image][\/et_pb_column][\/et_pb_row][\/et_pb_section][et_pb_section fb_built=\u00bb1&#8243; _builder_version=\u00bb4.4.2&#8243; custom_padding=\u00bb6px||8px|||\u00bb][et_pb_row _builder_version=\u00bb4.4.2&#8243;][et_pb_column type=\u00bb4_4&#8243; _builder_version=\u00bb4.4.2&#8243;][et_pb_text _builder_version=\u00bb4.4.2&#8243;]<\/p>\n<h2>Proyectos relacionados<\/h2>\n<p>[\/et_pb_text][et_pb_portfolio include_categories=\u00bb2&#8243; _builder_version=\u00bb4.4.2&#8243;][\/et_pb_portfolio][\/et_pb_column][\/et_pb_row][\/et_pb_section][et_pb_section fb_built=\u00bb1&#8243; _builder_version=\u00bb4.4.2&#8243; custom_margin_tablet=\u00bb\u00bb custom_margin_phone=\u00bb||||false|false\u00bb custom_margin_last_edited=\u00bbon|phone\u00bb custom_padding=\u00bb6px|||||\u00bb global_module=\u00bb212&#8243; saved_tabs=\u00bball\u00bb][et_pb_row _builder_version=\u00bb4.4.2&#8243; custom_margin_tablet=\u00bb\u00bb custom_margin_phone=\u00bb0px||||false|false\u00bb custom_margin_last_edited=\u00bbon|phone\u00bb custom_padding=\u00bb0px||||false|false\u00bb][et_pb_column type=\u00bb4_4&#8243; _builder_version=\u00bb4.4.2&#8243;][et_pb_contact_form use_spam_service=\u00bbon\u00bb title=\u00bbCont\u00e1ctenos. \u00bb _builder_version=\u00bb4.4.2&#8243;][et_pb_contact_field field_id=\u00bbName\u00bb field_title=\u00bbNombre\u00bb _builder_version=\u00bb3.16&#8243; button_text_size__hover_enabled=\u00bboff\u00bb button_one_text_size__hover_enabled=\u00bboff\u00bb button_two_text_size__hover_enabled=\u00bboff\u00bb button_text_color__hover_enabled=\u00bboff\u00bb button_one_text_color__hover_enabled=\u00bboff\u00bb button_two_text_color__hover_enabled=\u00bboff\u00bb button_border_width__hover_enabled=\u00bboff\u00bb button_one_border_width__hover_enabled=\u00bboff\u00bb button_two_border_width__hover_enabled=\u00bboff\u00bb button_border_color__hover_enabled=\u00bboff\u00bb button_one_border_color__hover_enabled=\u00bboff\u00bb button_two_border_color__hover_enabled=\u00bboff\u00bb button_border_radius__hover_enabled=\u00bboff\u00bb button_one_border_radius__hover_enabled=\u00bboff\u00bb button_two_border_radius__hover_enabled=\u00bboff\u00bb button_letter_spacing__hover_enabled=\u00bboff\u00bb button_one_letter_spacing__hover_enabled=\u00bboff\u00bb button_two_letter_spacing__hover_enabled=\u00bboff\u00bb button_bg_color__hover_enabled=\u00bboff\u00bb button_one_bg_color__hover_enabled=\u00bboff\u00bb button_two_bg_color__hover_enabled=\u00bboff\u00bb][\/et_pb_contact_field][et_pb_contact_field field_id=\u00bbEmail\u00bb field_title=\u00bbDirecci\u00f3n de correo electr\u00f3nico\u00bb field_type=\u00bbemail\u00bb _builder_version=\u00bb3.16&#8243; button_text_size__hover_enabled=\u00bboff\u00bb button_one_text_size__hover_enabled=\u00bboff\u00bb button_two_text_size__hover_enabled=\u00bboff\u00bb button_text_color__hover_enabled=\u00bboff\u00bb button_one_text_color__hover_enabled=\u00bboff\u00bb button_two_text_color__hover_enabled=\u00bboff\u00bb button_border_width__hover_enabled=\u00bboff\u00bb button_one_border_width__hover_enabled=\u00bboff\u00bb button_two_border_width__hover_enabled=\u00bboff\u00bb button_border_color__hover_enabled=\u00bboff\u00bb button_one_border_color__hover_enabled=\u00bboff\u00bb button_two_border_color__hover_enabled=\u00bboff\u00bb button_border_radius__hover_enabled=\u00bboff\u00bb button_one_border_radius__hover_enabled=\u00bboff\u00bb button_two_border_radius__hover_enabled=\u00bboff\u00bb button_letter_spacing__hover_enabled=\u00bboff\u00bb button_one_letter_spacing__hover_enabled=\u00bboff\u00bb button_two_letter_spacing__hover_enabled=\u00bboff\u00bb button_bg_color__hover_enabled=\u00bboff\u00bb button_one_bg_color__hover_enabled=\u00bboff\u00bb button_two_bg_color__hover_enabled=\u00bboff\u00bb][\/et_pb_contact_field][et_pb_contact_field field_id=\u00bbMessage\u00bb field_title=\u00bbMensaje\u00bb field_type=\u00bbtext\u00bb fullwidth_field=\u00bbon\u00bb _builder_version=\u00bb3.16&#8243; button_text_size__hover_enabled=\u00bboff\u00bb button_one_text_size__hover_enabled=\u00bboff\u00bb button_two_text_size__hover_enabled=\u00bboff\u00bb button_text_color__hover_enabled=\u00bboff\u00bb button_one_text_color__hover_enabled=\u00bboff\u00bb button_two_text_color__hover_enabled=\u00bboff\u00bb button_border_width__hover_enabled=\u00bboff\u00bb button_one_border_width__hover_enabled=\u00bboff\u00bb button_two_border_width__hover_enabled=\u00bboff\u00bb button_border_color__hover_enabled=\u00bboff\u00bb button_one_border_color__hover_enabled=\u00bboff\u00bb button_two_border_color__hover_enabled=\u00bboff\u00bb button_border_radius__hover_enabled=\u00bboff\u00bb button_one_border_radius__hover_enabled=\u00bboff\u00bb button_two_border_radius__hover_enabled=\u00bboff\u00bb button_letter_spacing__hover_enabled=\u00bboff\u00bb button_one_letter_spacing__hover_enabled=\u00bboff\u00bb button_two_letter_spacing__hover_enabled=\u00bboff\u00bb button_bg_color__hover_enabled=\u00bboff\u00bb button_one_bg_color__hover_enabled=\u00bboff\u00bb button_two_bg_color__hover_enabled=\u00bboff\u00bb][\/et_pb_contact_field][\/et_pb_contact_form][\/et_pb_column][\/et_pb_row][\/et_pb_section]<\/p>\n","protected":false},"excerpt":{"rendered":"<p>[et_pb_section fb_built=\u00bb1&#8243; _builder_version=\u00bb4.4.2&#8243; background_image=\u00bbhttp:\/\/damerko.com.co\/wp-content\/uploads\/2020\/06\/cocina_home.jpg\u00bb module_alignment=\u00bbcenter\u00bb height=\u00bb528px\u00bb custom_margin=\u00bb0px||||false|false\u00bb custom_padding=\u00bb0px||||false|false\u00bb][et_pb_row _builder_version=\u00bb4.4.2&#8243; width=\u00bb100%\u00bb max_width=\u00bb100%\u00bb custom_margin=\u00bb0px||||false|false\u00bb custom_padding=\u00bb453px||||false|false\u00bb][et_pb_column type=\u00bb4_4&#8243; admin_label=\u00bbColumna\u00bb _builder_version=\u00bb4.4.2&#8243;][et_pb_text _builder_version=\u00bb4.4.2&#8243; text_font=\u00bbLato||||||||\u00bb text_text_color=\u00bb#ffffff\u00bb header_font=\u00bbPoppins|800|||||||\u00bb header_text_color=\u00bb#ffffff\u00bb header_line_height=\u00bb0.6em\u00bb width=\u00bb100%\u00bb max_width=\u00bb100%\u00bb module_alignment=\u00bbleft\u00bb custom_margin=\u00bb||||false|false\u00bb custom_padding=\u00bb10px|||5%|false|false\u00bb locked=\u00bboff\u00bb background_color=\u00bbrgba(0,0,0,0.6)\u00bb header_font_size=\u00bb20px\u00bb] Apartamento Portana Ch\u00eda | Remodelaci\u00f3n de cocina Ch\u00eda, Cundinamarca [\/et_pb_text][\/et_pb_column][\/et_pb_row][\/et_pb_section][et_pb_section fb_built=\u00bb1&#8243; _builder_version=\u00bb4.4.2&#8243; custom_margin=\u00bb0px||||false|false\u00bb custom_padding=\u00bb35px||0px||false|false\u00bb][et_pb_row column_structure=\u00bb1_2,1_2&#8243; _builder_version=\u00bb4.4.2&#8243; custom_padding=\u00bb||5px|||\u00bb][et_pb_column type=\u00bb1_2&#8243; _builder_version=\u00bb4.4.2&#8243;][et_pb_text _builder_version=\u00bb4.4.2&#8243;] El proyecto [\/et_pb_text][et_pb_text _builder_version=\u00bb4.4.2&#8243; text_font=\u00bbLato|700|||||||\u00bb [&hellip;]<\/p>\n","protected":false},"author":1,"featured_media":41,"comment_status":"open","ping_status":"closed","template":"","meta":{"_et_pb_use_builder":"on","_et_pb_old_content":"","_et_gb_content_width":""},"project_category":[10,2],"project_tag":[],"_links":{"self":[{"href":"https:\/\/damerko.com\/index.php?rest_route=\/wp\/v2\/project\/170"}],"collection":[{"href":"https:\/\/damerko.com\/index.php?rest_route=\/wp\/v2\/project"}],"about":[{"href":"https:\/\/damerko.com\/index.php?rest_route=\/wp\/v2\/types\/project"}],"author":[{"embeddable":true,"href":"https:\/\/damerko.com\/index.php?rest_route=\/wp\/v2\/users\/1"}],"replies":[{"embeddable":true,"href":"https:\/\/damerko.com\/index.php?rest_route=%2Fwp%2Fv2%2Fcomments&post=170"}],"version-history":[{"count":13,"href":"https:\/\/damerko.com\/index.php?rest_route=\/wp\/v2\/project\/170\/revisions"}],"predecessor-version":[{"id":419,"href":"https:\/\/damerko.com\/index.php?rest_route=\/wp\/v2\/project\/170\/revisions\/419"}],"wp:featuredmedia":[{"embeddable":true,"href":"https:\/\/damerko.com\/index.php?rest_route=\/wp\/v2\/media\/41"}],"wp:attachment":[{"href":"https:\/\/damerko.com\/index.php?rest_route=%2Fwp%2Fv2%2Fmedia&parent=170"}],"wp:term":[{"taxonomy":"project_category","embeddable":true,"href":"https:\/\/damerko.com\/index.php?rest_route=%2Fwp%2Fv2%2Fproject_category&post=170"},{"taxonomy":"project_tag","embeddable":true,"href":"https:\/\/damerko.com\/index.php?rest_route=%2Fwp%2Fv2%2Fproject_tag&post=170"}],"curies":[{"name":"wp","href":"https:\/\/api.w.org\/{rel}","templated":true}]}}